{"id":3364,"date":"1970-01-01T00:00:00","date_gmt":"1970-01-01T00:00:00","guid":{"rendered":"http:\/\/edizionicarrara.it\/?product=con-obligo-di-cantar-vol1"},"modified":"2023-12-15T15:28:37","modified_gmt":"2023-12-15T15:28:37","slug":"con-obligo-di-cantar-vol1","status":"publish","type":"product","link":"https:\/\/edizionicarrara.it\/en\/score\/con-obligo-di-cantar-vol1\/","title":{"rendered":"&#8220;Con obligo di cantar&#8230;&#8221; Vol.1"},"content":{"rendered":"<div>Se dovessimo dar retta all\u2019aneddotica, potremmo immaginare Frescobaldi alla tastiera mentre, con la sua bella voce di tenore (che gli veniva riconosciuta&#8230;), interviene personalmente in quell\u2019inciso del \u201cRecercar con obligo di cantare la quinta parte senza tocarla\u201d. Enigma, come ben sappiamo, felicemente risolto. Potremmo anche immaginarlo in un incipit gregoriano o nell\u2019esposizione di un\u2019antifona, di un inno e del susseguente capriccio di fantasia.<br \/>\nLa voce intona, l\u2019organo risponde.<br \/>\nSappiamo che alcuni organisti contemporanei spesso utilizzano questo connubio cos\u00ec evocativo e sospeso tra l\u2019antica notazione e lo svolgersi di un pensiero musicale adeguato. Cos\u00ec come risulta di immediata applicazione, attraverso le pagine di questa raccolta, l\u2019utilizzo di un piccolo gruppo di cantori abituati al \u201ccantus planus\u201d o di un bravo solista capace di condurre l\u2019attenzione dell\u2019ascoltatore alla declamazione dell\u2019antico canto cristiano. Guidati da questo quadro d\u2019assieme, abbiamo \u201crecercato\u201d tra le carte brani organistici dove fosse evidente e chiaro l\u2019espandersi melodico del cenno gregoriano, cos\u00ec come abbiamo raccomandato ai nostri autori contemporanei di rendere quasi \u201cpalpabile\u201d il tema per aiutare l\u2019ascoltatore a \u201cri-cavarlo\u201d dalla memoria o di gustarlo nella sua essenzialit\u00e0 melodica ben evidenziata. Naturalmente, in assenza dell\u2019aspetto antifonico, ogni organista sar\u00e0 libero di presentare la sola pagina strumentale, ricorrendo alla pi\u00f9 ampia libert\u00e0 di registrazione per una restituzione dell\u2019atmosfera che abbiamo inseguito nella nostra ricerca.<\/div>\n","protected":false},"excerpt":{"rendered":"<p>Fogli d&#8217;album per organo sul cantus planus<\/p>\n","protected":false},"featured_media":3365,"template":"","meta":{"_kad_blocks_custom_css":"","_kad_blocks_head_custom_js":"","_kad_blocks_body_custom_js":"","_kad_blocks_footer_custom_js":"","_kadence_starter_templates_imported_post":false,"_kad_post_transparent":"","_kad_post_title":"","_kad_post_layout":"","_kad_post_sidebar_id":"","_kad_post_content_style":"","_kad_post_vertical_padding":"","_kad_post_feature":"","_kad_post_feature_position":"","_kad_post_header":false,"_kad_post_footer":false,"_kad_post_classname":""},"product_brand":[],"product_cat":[20],"product_tag":[],"class_list":{"0":"post-3364","1":"product","2":"type-product","3":"status-publish","4":"has-post-thumbnail","6":"product_cat-score","7":"pa_authorname-aavv","8":"pa_codeedition-ec5367","9":"pa_codeismn-6276","10":"pa_contents-veni-creatur-spiritusdi-paul-vidalveni-creatur-spiritusdi-plum-jean-marieregina-caelidi-ravanello-orestepuer-natus-estdi-ravanello-orestepuer-natus-estdi-bianchi","11":"pa_curator-gian-nicola-vessia-e-francesco-gabellieri","12":"pa_editor-carrara","13":"pa_genres-organo-raccolte-contemporanei","14":"pa_pages-419","15":"pa_publishyear-2094","16":"pa_subgenres-sacra-liturgica","17":"pa_versionculture-global","18":"pa_versionname-36","19":"post","21":"first","22":"outofstock","23":"shipping-taxable","24":"purchasable","25":"product-type-simple","26":"entry","27":"content-bg","28":"loop-entry"},"taxonomy_info":{"product_cat":[{"value":20,"label":"Partiture"}],"pa_authorname":[{"value":118,"label":"AA.VV."}],"pa_codeedition":[{"value":6275,"label":"EC5367"}],"pa_codeismn":[{"value":6276,"label":"9790215753679"}],"pa_contents":[{"value":6277,"label":"<div><strong>VENI CREATUR SPIRITUS\u00a0<\/strong>di Paul Vidal<br\/>\r\n<strong>VENI CREATUR SPIRITUS\u00a0<\/strong>di Plum Jean-Marie<br\/>\r\n<strong>REGINA CAELI\u00a0<\/strong>di Ravanello Oreste<br\/>\r\n<strong>PUER NAT"}],"pa_curator":[{"value":5457,"label":"Gian Nicola Vessia e Francesco Gabellieri"}],"pa_editor":[{"value":28,"label":"Carrara"}],"pa_genres":[{"value":2264,"label":"Organo Raccolte Contemporanei"}],"pa_pages":[{"value":419,"label":"44"}],"pa_publishyear":[{"value":2094,"label":"2014"}],"pa_subgenres":[{"value":72,"label":"Sacra Liturgica"}],"pa_versionculture":[{"value":37,"label":"Global"}],"pa_versionname":[{"value":36,"label":"01"}]},"featured_image_src_large":["https:\/\/edizionicarrara.it\/wp-content\/uploads\/nc\/images\/180-250-fix\/c5f28404-1c14-4b25-9053-fefddaa4c4b5.jpeg",172,250,false],"author_info":[],"comment_info":"","_links":{"self":[{"href":"https:\/\/edizionicarrara.it\/en\/wp-json\/wp\/v2\/product\/3364","targetHints":{"allow":["GET"]}}],"collection":[{"href":"https:\/\/edizionicarrara.it\/en\/wp-json\/wp\/v2\/product"}],"about":[{"href":"https:\/\/edizionicarrara.it\/en\/wp-json\/wp\/v2\/types\/product"}],"wp:featuredmedia":[{"embeddable":true,"href":"https:\/\/edizionicarrara.it\/en\/wp-json\/wp\/v2\/media\/3365"}],"wp:attachment":[{"href":"https:\/\/edizionicarrara.it\/en\/wp-json\/wp\/v2\/media?parent=3364"}],"wp:term":[{"taxonomy":"product_brand","embeddable":true,"href":"https:\/\/edizionicarrara.it\/en\/wp-json\/wp\/v2\/product_brand?post=3364"},{"taxonomy":"product_cat","embeddable":true,"href":"https:\/\/edizionicarrara.it\/en\/wp-json\/wp\/v2\/product_cat?post=3364"},{"taxonomy":"product_tag","embeddable":true,"href":"https:\/\/edizionicarrara.it\/en\/wp-json\/wp\/v2\/product_tag?post=3364"}],"curies":[{"name":"wp","href":"https:\/\/api.w.org\/{rel}","templated":true}]}}